{"version":"1.0","provider_name":"l\u00e9legz\u0151 \u00e9rint\u00e9s","provider_url":"https:\/\/lelegzoerintes.cafeblog.hu","author_name":"katha","author_url":"https:\/\/lelegzoerintes.cafeblog.hu\/author\/katha\/","title":"ajcsi...","html":"<P align=center>&nbsp;Az apuk\u00e1mt\u00f3l megkaptam a n\u00e9vnapi aj\u00e1nd\u00e9komat el\u0151re :o) Mind\u00edg \u0151 az els\u0151. \u00c1ltal\u00e1ban vir\u00e1got meg valami fincsi dolgot kapok, id\u00e9n pedig ezt: (ennek jobban \u00f6r\u00fcl\u00f6k, mint b\u00e1rminek :o))&nbsp; ) Lesz mit \u00f6lt\u00f6getnem janu\u00e1rt\u00f3l!<\/P>\r\n<CENTER>\r\n<CENTER><IMG class=blogkep style=\"WIDTH: 496px; HEIGHT: 331px\" height=672 src=\"https:\/\/lelegzoerintes.cafeblog.hu\/files\/ajandek(1).JPG\" width=914 align=center><\/CENTER><\/CENTER>","type":"rich"}